{"id":1511,"date":"2023-06-14T09:07:54","date_gmt":"2023-06-14T09:07:54","guid":{"rendered":"https:\/\/lavegainnova.es\/agro-tech\/"},"modified":"2024-01-02T12:01:53","modified_gmt":"2024-01-02T11:01:53","slug":"agro-tech","status":"publish","type":"page","link":"https:\/\/lavegainnova.es\/en\/agro-tech\/","title":{"rendered":"Landing"},"content":{"rendered":"<section class=\"hof-hero\">\n    <div class=\"wrapper pt-6 pb-6\">\n        <div class=\"hof-hero__img\">\n            <img decoding=\"async\" src=\"https:\/\/lavegainnova.es\/wp-content\/uploads\/2023\/10\/hero-cover-landing.jpg\" alt=\"fotograf\u00eda agricultora con tablet\" title=\"mujer comprobando plantaci\u00f3n\">\n        <\/div>\n        <div class=\"hof-hero__text\">\n                            <img decoding=\"async\" src=\"https:\/\/lavegainnova.es\/wp-content\/uploads\/2023\/08\/icons.png\" class=\"hof-hero__text__logo mr-a\" alt=\"iconograf\u00eda landing\" title=\"Iconos\"\/>\n            \n                            <h1><span style=\"color: #00a7ca\">\u00danete al <br \/>Futuro del AgriFoodTech:<\/span><\/h1>\n<h2><span style=\"color: #ffffff\">Programa de Aceleraci\u00f3n de Startups en La Vega Innova<\/span><\/h2>\n<p><span style=\"color: #ffffff\">\u00bfEst\u00e1s listo para transformar el sector agroalimentario con tu startup? El Ministerio de Agricultura, Pesca y Alimentaci\u00f3n te invita a formar parte de su iHub La Vega Innova, un espacio de colaboraci\u00f3n y experimentaci\u00f3n, basado en tecnolog\u00eda FIWARE, que busca acercar las soluciones tecnol\u00f3gicas a la realidad agroalimentaria. Esta es tu oportunidad, el Hub arranca su andadura con un programa de aceleraci\u00f3n de startups \u00a1Inscr\u00edbete y s\u00e9 parte del futuro del AgriFoodTech!<\/span><\/p>\n\n                        <div class=\"hof-hero__links\">\n                                                <a href=\"https:\/\/lavegainnova.openfuture.org\" class=\"hof-button hof-button__primary-positive mr-1\"\n                         onclick=\"gtag('event', 'sign_up', {'event_category': 'generate_lead', 'event_label': 'RetoSept23'})\" >\n                        Inscr\u00edbete\n                    <\/a>\n                \n\n                                    <a href=\"https:\/\/skipsolabs-ministerio-de-agricultura.s3.eu-west-1.amazonaws.com\/uploads\/content\/21cf0250cfe8939607bb6ce17bbc6c218d95b1da.pdf\"\n                         onclick=\"gtag('event', 'download', {'event_category': 'generate_lead', 'event_label': 'RetoSept23'})\" >\n                        Seguir leyendo\n                    <\/a>\n                                        <\/div>\n                            <img decoding=\"async\" src=\"https:\/\/lavegainnova.es\/wp-content\/uploads\/2023\/10\/logocabeceralavegainnova3.png\" class=\"pt-2 mr-a\" alt=\"Logos colaboradores\" title=\"logotipos\"\/>\n                    <\/div>\n        <img decoding=\"async\" class=\"hof-hero__vector\" src=\"https:\/\/lavegainnova.es\/wp-content\/themes\/AGRO-THEME\/assets\/img\/hof-hero-vector.svg\" alt=\"Imagen iconogr\u00e1fica decorativa\" title=\"Iconos hero\">\n    <\/div>\n<\/section>\n\n\n<section class=\"hof-info\" style=\"background: linear-gradient(to bottom, #00A7CA 70%, white 0%);\">\n    <div class=\"wrapper\">\n        <div class=\"row\">\n            <div class=\"col-xs-12 col-md-6 col-md-offset-3 pb-2 t-center hof-info__title\">\n                                    <h3>NUESTROS SERVICIOS<\/h3>\n<p>Proporcionamos m\u00faltiples recursos para apoyar a las startups en su viaje hacia el emprendimiento y la innovaci\u00f3n.<\/p>\n\n                            <\/div>\n        <\/div>\n        <div class=\"hof-info__items\">\n                            <div class=\"col-xs-12 col-sm-4 zi-9\">\n                    <div class=\"item\">\n                                                    <img decoding=\"async\" class=\"hof-info-icon\" src=\"https:\/\/lavegainnova.es\/wp-content\/uploads\/2023\/08\/dron-blue.png\" alt=\"Icono riego dron\" title=\"dron-blue\"\/>\n                        \n                                                    <h4><strong>Innovaci\u00f3n en Acci\u00f3n<\/strong><\/h4>\n                        \n                                                    <p>En nuestro iHub, tu startup no solo tendr\u00e1 la oportunidad de testear y realizar pruebas de concepto en los espacios experimentales del centro, sino que tambi\u00e9n contar\u00e1 con la posibilidad de desarrollar proyectos piloto para el Ministerio de Agricultura, Pesca y Alimentaci\u00f3n.<\/p>\n\n                        \n                                            <\/div>\n                <\/div>\n                            <div class=\"col-xs-12 col-sm-4 zi-9\">\n                    <div class=\"item\">\n                                                    <img decoding=\"async\" class=\"hof-info-icon\" src=\"https:\/\/lavegainnova.es\/wp-content\/uploads\/2023\/08\/connection-blue.png\" alt=\"Icono Conexi\u00f3n\" title=\"connection-blue\"\/>\n                        \n                                                    <h4><strong>Colaboraci\u00f3n y Conexi\u00f3n<\/strong><\/h4>\n                        \n                                                    <p>El iHub es un espacio de encuentro entre el \u00e1mbito tradicional agroalimentario y los operadores tecnol\u00f3gicos. Podr\u00e1s colaborar con empresas, usuarios, administraciones p\u00fablicas, centros de investigaci\u00f3n y universidades, facilitando un intercambio equitativo de datos en tus modelos comerciales y operacionales.<\/p>\n\n                        \n                                            <\/div>\n                <\/div>\n                            <div class=\"col-xs-12 col-sm-4 zi-9\">\n                    <div class=\"item\">\n                                                    <img decoding=\"async\" class=\"hof-info-icon\" src=\"https:\/\/lavegainnova.es\/wp-content\/uploads\/2023\/08\/water-blue.png\" alt=\"Icono Agua\" title=\"water-blue\"\/>\n                        \n                                                    <h4><strong>Formaci\u00f3n y Dinamizaci\u00f3n<\/strong><\/h4>\n                        \n                                                    <p>Adem\u00e1s de ser un espacio para la innovaci\u00f3n, el iHub tambi\u00e9n ofrece actividades de formaci\u00f3n y diversas acciones de dinamizaci\u00f3n. Aqu\u00ed, podr\u00e1s aprender, crecer y contribuir a la vibrante comunidad de AgriFoodTech.<\/p>\n\n                        \n                                            <\/div>\n                <\/div>\n                            <div class=\"col-xs-12 col-sm-4 zi-9\">\n                    <div class=\"item\">\n                                                    <img decoding=\"async\" class=\"hof-info-icon\" src=\"https:\/\/lavegainnova.es\/wp-content\/uploads\/2023\/08\/screen-blue.png\" alt=\"Icono Pantalla\" title=\"screen-blue\"\/>\n                        \n                                                    <h4><strong>Plataforma Virtual y F\u00edsica<\/strong><\/h4>\n                        \n                                                    <p>La Vega Innova no se limita a un espacio f\u00edsico, ni a ofrecer servicios solamente a emprendedores y emprendedoras. Tambi\u00e9n contamos con una sede virtual a trav\u00e9s de una plataforma online, permitiendo a las startups y otros actores interesados testar nuevas soluciones en entornos reales. Adem\u00e1s, nuestra sede f\u00edsica se encuentra en San Fernando de Henares, en las instalaciones del CENCA y el CENTER, del Ministerio de Agricultura, Pesca y Alimentaci\u00f3n.<\/p>\n\n                        \n                                            <\/div>\n                <\/div>\n                    <\/div>\n    <\/div>\n<\/section>\n\n\n<section class=\"hof-convocatoria hof-bg-verde\">\n    <div class=\"row wrapper end-xs\">\n        <div class=\"col-xs-12 col-sm-12 col-md-6 pt-3 pl-2 pb-3 image-container zi-1 order-2\">\n                            <img decoding=\"async\" src=\"https:\/\/lavegainnova.es\/wp-content\/uploads\/2023\/08\/Captura-de-pantalla-2023-08-04-a-las-9.05-4.jpg\" alt=\"Recreaci\u00f3n del espacio La Vega Innova\" title=\"Recreaci\u00f3n del espacio La Vega Innova\"\/>\n                    <\/div>\n        <div class=\"col-xs-12 col-sm-12 col-md-6 info-container zi-1\">\n                            <img decoding=\"async\" style=\"\" class=\"hof-convocatoria__icon\" src=\"https:\/\/lavegainnova.es\/wp-content\/uploads\/2023\/06\/grass-scaled-1.png\" alt=\"Icono riego\" title=\"grass-scaled\"\/>\n            \n            \n                            <h3 style=\"text-align: left\">Descubre nuestro iHub<\/h3>\n<p style=\"text-align: left\"><span style=\"color: #ffffff\">El iHub La Vega Innova es un ecosistema completo para las startups del sector AgriFoodTech y un escaparate de tecnolog\u00edas que acelere la transformaci\u00f3n digital del sector agroalimentario, tambi\u00e9n para sus PYMES y aut\u00f3nomos para que nadie se quede atr\u00e1s. Ofrece un entorno de colaboraci\u00f3n para desarrollar y probar soluciones tecnol\u00f3gicas, albergando laboratorios y proyectos piloto. Adem\u00e1s, proporciona formaci\u00f3n y divulgaci\u00f3n, contando con una plataforma online para la interacci\u00f3n y colaboraci\u00f3n digital, reforzada con su sede f\u00edsica en San Fernando de Henares.<\/span><\/p>\n\n            \n                    <\/div>\n    <\/div>\n<\/section>\n\n<section class=\"hof-logos hof-bg-blanco\">\n    <div class=\"row wrapper pt-2 pb-2\">\n        <div class=\"col-xs-12 col-sm-6 image-container \">\n                            <img decoding=\"async\" class=\"hof-convocatoria__image\" src=\"https:\/\/lavegainnova.es\/wp-content\/uploads\/2023\/10\/section-left.png\" alt=\"Fotograf\u00eda agricultor con tablet\" title=\"Hombre con tableta en el campo\"\/>\n                    <\/div>\n        <div class=\"col-xs-12 col-sm-6 info-container\">\n            \n                            <h3 style=\"text-align: left\">Impulsando la Innovaci\u00f3n Agroalimentaria con Tecnolog\u00eda FIWARE<\/h3>\n<p style=\"text-align: left\">La Vega Innova se distingue por su compromiso con la tecnolog\u00eda de vanguardia, y la adopci\u00f3n de la arquitectura FIWARE es un claro ejemplo de ello. FIWARE es m\u00e1s que una tecnolog\u00eda; es un facilitador para la transformaci\u00f3n digital, proporcionando las herramientas necesarias para desarrollar soluciones inteligentes en el \u00e1mbito agroalimentario.<\/p>\n<p>\u2014<br \/>La integraci\u00f3n de FIWARE en el iHub permite a las startups trabajar en un entorno que promueve la interoperabilidad, esencial para un intercambio de datos fluido y eficiente. Esta colaboraci\u00f3n entre La Vega Innova y FIWARE abre nuevas posibilidades para las startups, permiti\u00e9ndoles explorar y adaptar soluciones tecnol\u00f3gicas innovadoras que respondan a las necesidades reales del sector agroalimentario.<\/p>\n\n            \n                    <\/div>\n    <\/div>\n<\/section>\n\n\n<section class=\"hof-faqs\" style=\"background-color:#ddf2f4;\n\n\">\n    <div class=\"wrapper row\">\n        <div class=\"col-xs-12 col-sm-4 hof-faqs__text\">\n                                        <div style\"\">\n                    <h3>Preguntas frecuentes<\/h3>\n<p>&nbsp;<\/p>\n<p>Aqu\u00ed encontrar\u00e1s informaci\u00f3n general sobre La Vega Innova as\u00ed como las respuestas a las preguntas m\u00e1s habituales respecto del Programa de Aceleraci\u00f3n e Incubaci\u00f3n de startups que es la primera actividad que se va a acometer.<\/p>\n<p>&nbsp;<\/p>\n<p>&nbsp;<\/p>\n<p>Contacta con nosotros en <a href=\"mailto:info@lavegainnova.es\">info@lavegainnova.es<\/a><br \/>Tambi\u00e9n puedes encontrarnos en nuestros canales sociales:<\/p>\n\n                <\/div>\n            \n                            <ul>\n                                            \n                                                            <li><a target=\"_blank\" href=\"https:\/\/www.instagram.com\/lavegainnova\/?hl=es\" class=\"icon-instagram\" title=\"Enlace a instagram\"><\/a><\/li>\n                            \n                            \n\n\n                                                                    \n                                                            <li><a class=\"hof-faqs__new-social\" target=\"_blank\" href=\"https:\/\/twitter.com\/lavegainnova\"><img decoding=\"async\" src=\"https:\/\/lavegainnova.es\/wp-content\/themes\/AGRO-THEME\/assets\/img\/icons\/twitter-icon.png\" alt=\"Icono de twitter\" title=\"twitter\"><\/a><\/li>\n                            \n                            \n\n\n                                                                    \n                                                            <li><a class=\"hof-faqs__new-social\" target=\"_blank\" href=\"https:\/\/www.facebook.com\/lavegainnovahub\"><img decoding=\"async\" src=\"https:\/\/lavegainnova.es\/wp-content\/themes\/AGRO-THEME\/assets\/img\/icons\/facebook-icon.png\" alt=\"Icono de facebook\" title=\"facebook\"><\/a><\/li>\n                            \n                            \n\n\n                                                                    \n                                                            <li><a class=\"hof-faqs__new-social\" target=\"_blank\" href=\"https:\/\/www.linkedin.com\/company\/97906276\/\"><img decoding=\"async\" src=\"https:\/\/lavegainnova.es\/wp-content\/themes\/AGRO-THEME\/assets\/img\/icons\/linkedin-icon.png\" alt=\"Icono de linkedin\" title=\"linkedin\"><\/a><\/li>\n                            \n                            \n\n\n                                                            <\/ul>\n                                        <a href=\"https:\/\/lavegainnova.es\/contacto\" class=\"hof-button mb-2 \" style=\"border: 2px solid #00a7ca;color: #00a7ca;\">\u00bfALGUNA DUDA?<\/a>\n                    <\/div>\n        <div class=\"col-xs-12 col-sm-8\">\n                            <ul class=\"hof-accordion\" role=\"radiogroup\" title=\"accordion\">\n            <li class=\"hof-accordion__item\" style=\"border: 1px solid #00a7ca;\"  >\n            <input type=\"radio\" name=\"accordion\" title=\"\u00bfQu\u00e9 es el espacio \u201cLa Vega Innova\u201d?\" aria-label=\"\u00bfQu\u00e9 es el espacio \u201cLa Vega Innova\u201d?\"  checked   \/>\n            <span style=\"color:#00a7ca;\" class=\"icon icon-chevron-r\"><\/span>\n            <h3 class=\"hof-accordion__item__title\"><strong>\u00bfQu\u00e9 es el espacio \u201cLa Vega Innova\u201d?<\/strong><\/h3>\n            <div class=\"hof-accordion__item__content\">\n                <p class=\"p1\">\u201cLa Vega Innova\u201d es el nombre que recibe el Hub de Innovaci\u00f3n <span class=\"s1\">Digital <\/span>del Ministerio de Agricultura, Pesca y Alimentaci\u00f3n y que incluye, entre otros verticales, un programa global de incubaci\u00f3n y aceleraci\u00f3n de startups desarrollado junto a TELEF\u00d3NICA. <span class=\"s1\">En su arranque, esta iniciativa cuenta con cofinanciaci\u00f3n de fondos europeos del Plan de Recuperaci\u00f3n, Transformaci\u00f3n y Resiliencia.<\/span><\/p>\n<p class=\"p1\">A trav\u00e9s de iHub, el Ministerio de Agricultura, Pesca y Alimentaci\u00f3n busca soluciones tecnol\u00f3gicas disruptivas que contribuyan a la transformaci\u00f3n y competitividad del tejido empresarial, resolviendo los retos de negocio de las empresas del sector agroalimentario <span class=\"s1\">y acelerando la adopci\u00f3n de estas innovaciones<\/span>.<\/p>\n<p class=\"p3\">La Vega Innova ser\u00e1 adem\u00e1s, un lugar de exposici\u00f3n f\u00edsica y virtual de tecnolog\u00edas para el sector agroalimentario, especialmente de riego, un lugar de encuentro y sinergias entre proyectos de digitalizaci\u00f3n, nacionales e internacionales, rese\u00f1ables para toda la cadena de valor agroalimentaria y tendr\u00e1 una oferta formativa centrada en la adquisici\u00f3n real y pr\u00e1ctica de habilidades digitales para todo tipo de profesionales del sector agroalimentario.<\/p>\n\n            <\/div>\n        <\/li>\n            <li class=\"hof-accordion__item\" style=\"border: 1px solid #00a7ca;\"  >\n            <input type=\"radio\" name=\"accordion\" title=\"\u00bfCu\u00e1nto tiempo dura el programa el programa de incubaci\u00f3n de startups?\" aria-label=\"\u00bfCu\u00e1nto tiempo dura el programa el programa de incubaci\u00f3n de startups?\"   \/>\n            <span style=\"color:#00a7ca;\" class=\"icon icon-chevron-r\"><\/span>\n            <h3 class=\"hof-accordion__item__title\"><strong>\u00bfCu\u00e1nto tiempo dura el programa el programa de incubaci\u00f3n de startups?<\/strong><\/h3>\n            <div class=\"hof-accordion__item__content\">\n                <p>La participaci\u00f3n en el programa de incubaci\u00f3n y aceleraci\u00f3n de La Vega Innova tiene una duraci\u00f3n aproximada de 8 meses, periodo en el que se fomentar\u00e1 e impulsar\u00e1 la maduraci\u00f3n de los proyectos de base tecnol\u00f3gica del sector agroalimentario a trav\u00e9s de la metodolog\u00eda de incubaci\u00f3n IHub con el objetivo de que puedan dar respuesta a pilotos y testear en entornos reales.<\/p>\n\n            <\/div>\n        <\/li>\n            <li class=\"hof-accordion__item\" style=\"border: 1px solid #00a7ca;\"  >\n            <input type=\"radio\" name=\"accordion\" title=\"\u00bfDebe trasladarse el equipo al espacio de \u201cLa Vega Innova\u201d?\" aria-label=\"\u00bfDebe trasladarse el equipo al espacio de \u201cLa Vega Innova\u201d?\"   \/>\n            <span style=\"color:#00a7ca;\" class=\"icon icon-chevron-r\"><\/span>\n            <h3 class=\"hof-accordion__item__title\"><strong>\u00bfDebe trasladarse el equipo al espacio de \u201cLa Vega Innova\u201d?<\/strong><\/h3>\n            <div class=\"hof-accordion__item__content\">\n                <p>El programa de incubaci\u00f3n y aceleraci\u00f3n de startups es semipresencial con actividades presenciales en las ubicaciones dispuestas a tal efecto por La Vega Innova, y actividades online. La Organizaci\u00f3n facilitar\u00e1 la planificaci\u00f3n y la modalidad de las actividades con la mayor antelaci\u00f3n posible.<\/p>\n\n            <\/div>\n        <\/li>\n            <li class=\"hof-accordion__item\" style=\"border: 1px solid #00a7ca;\"  >\n            <input type=\"radio\" name=\"accordion\" title=\"\u00bfQu\u00e9 grado de avance debe tener el proyecto de una entidad para entrar en el programa de incubaci\u00f3n y aceleraci\u00f3n?\" aria-label=\"\u00bfQu\u00e9 grado de avance debe tener el proyecto de una entidad para entrar en el programa de incubaci\u00f3n y aceleraci\u00f3n?\"   \/>\n            <span style=\"color:#00a7ca;\" class=\"icon icon-chevron-r\"><\/span>\n            <h3 class=\"hof-accordion__item__title\"><strong>\u00bfQu\u00e9 grado de avance debe tener el proyecto de una entidad para entrar en el programa de incubaci\u00f3n y aceleraci\u00f3n?<\/strong><\/h3>\n            <div class=\"hof-accordion__item__content\">\n                <p>Para acceder al programa ser\u00e1 necesario disponer de una idea de negocio, o un prototipo funcional de un producto o servicio tecnol\u00f3gico y\/o innovador o disruptivo, con posibilidades reales de salir al mercado y ser comercializada antes de un a\u00f1o para proyectos digitales, y de hasta cinco a\u00f1os para proyectos de tipo industrial.<\/p>\n\n            <\/div>\n        <\/li>\n            <li class=\"hof-accordion__item\" style=\"border: 1px solid #00a7ca;\"  >\n            <input type=\"radio\" name=\"accordion\" title=\"\u00bfEs necesario tener constituida la sociedad para presentar la inscripci\u00f3n?\" aria-label=\"\u00bfEs necesario tener constituida la sociedad para presentar la inscripci\u00f3n?\"   \/>\n            <span style=\"color:#00a7ca;\" class=\"icon icon-chevron-r\"><\/span>\n            <h3 class=\"hof-accordion__item__title\"><strong>\u00bfEs necesario tener constituida la sociedad para presentar la inscripci\u00f3n?<\/strong><\/h3>\n            <div class=\"hof-accordion__item__content\">\n                <p>No es necesario, siempre que cumplan los requisitos de acceso del programa de incubaci\u00f3n. Aquellas startups que no est\u00e9n previamente constituidas, har\u00e1n constar el compromiso de constituci\u00f3n de la sociedad durante el periodo de participaci\u00f3n en el programa, aspectos de confidencialidad y propiedad intelectual, entre otros.<\/p>\n\n            <\/div>\n        <\/li>\n            <li class=\"hof-accordion__item\" style=\"border: 1px solid #00a7ca;\"  >\n            <input type=\"radio\" name=\"accordion\" title=\"\u00bfEs necesario ser una empresa de reciente creaci\u00f3n?\" aria-label=\"\u00bfEs necesario ser una empresa de reciente creaci\u00f3n?\"   \/>\n            <span style=\"color:#00a7ca;\" class=\"icon icon-chevron-r\"><\/span>\n            <h3 class=\"hof-accordion__item__title\"><strong>\u00bfEs necesario ser una empresa de reciente creaci\u00f3n?<\/strong><\/h3>\n            <div class=\"hof-accordion__item__content\">\n                <p>Se valorar\u00e1 positivamente que la empresa sea de reciente creaci\u00f3n (5 a\u00f1os o menos, o que exista un compromiso de constituci\u00f3n de una empresa) pero se admitir\u00e1n entidades tambi\u00e9n de m\u00e1s antig\u00fcedad en el programa.<\/p>\n\n            <\/div>\n        <\/li>\n            <li class=\"hof-accordion__item\" style=\"border: 1px solid #00a7ca;\"  >\n            <input type=\"radio\" name=\"accordion\" title=\"\u00bfPor cu\u00e1ntos miembros debe estar compuesto el equipo?\" aria-label=\"\u00bfPor cu\u00e1ntos miembros debe estar compuesto el equipo?\"   \/>\n            <span style=\"color:#00a7ca;\" class=\"icon icon-chevron-r\"><\/span>\n            <h3 class=\"hof-accordion__item__title\"><strong>\u00bfPor cu\u00e1ntos miembros debe estar compuesto el equipo?<\/strong><\/h3>\n            <div class=\"hof-accordion__item__content\">\n                <p><span style=\"font-weight: 400;\">Al menos un miembro del equipo que postule a la Convocatoria deber\u00e1 dedicarse personal, profesional y habitualmente, es decir, a tiempo completo y de manera exclusiva al proyecto mientras dure el Programa.<\/span><\/p>\n\n            <\/div>\n        <\/li>\n            <li class=\"hof-accordion__item\" style=\"border: 1px solid #00a7ca;\"  >\n            <input type=\"radio\" name=\"accordion\" title=\"\u00bfSe puede presentar m\u00e1s de un proyecto por emprendedor?\" aria-label=\"\u00bfSe puede presentar m\u00e1s de un proyecto por emprendedor?\"   \/>\n            <span style=\"color:#00a7ca;\" class=\"icon icon-chevron-r\"><\/span>\n            <h3 class=\"hof-accordion__item__title\"><strong>\u00bfSe puede presentar m\u00e1s de un proyecto por emprendedor?<\/strong><\/h3>\n            <div class=\"hof-accordion__item__content\">\n                <p><span style=\"font-weight: 400;\">S\u00ed, se podr\u00eda presentar m\u00e1s de un proyecto.<\/span><\/p>\n\n            <\/div>\n        <\/li>\n            <li class=\"hof-accordion__item\" style=\"border: 1px solid #00a7ca;\"  >\n            <input type=\"radio\" name=\"accordion\" title=\"\u00bfQu\u00e9 criterios se utilizan para valorar a las y los emprendedores y los proyectos?\" aria-label=\"\u00bfQu\u00e9 criterios se utilizan para valorar a las y los emprendedores y los proyectos?\"   \/>\n            <span style=\"color:#00a7ca;\" class=\"icon icon-chevron-r\"><\/span>\n            <h3 class=\"hof-accordion__item__title\"><strong>\u00bfQu\u00e9 criterios se utilizan para valorar a las y los emprendedores y los proyectos?<\/strong><\/h3>\n            <div class=\"hof-accordion__item__content\">\n                <p>Una vez cumplimentada y enviada, la solicitud se consolida y no se puede cambiar. Te recomendamos que no le des a \u201csubmit\u201d hasta que revises la solicitud y confirmes que toda la informaci\u00f3n es correcta.<\/p>\n\n            <\/div>\n        <\/li>\n            <li class=\"hof-accordion__item\" style=\"border: 1px solid #00a7ca;\"  >\n            <input type=\"radio\" name=\"accordion\" title=\"\u00bfC\u00f3mo avisan a los y las emprendedores de los proyectos seleccionados?\" aria-label=\"\u00bfC\u00f3mo avisan a los y las emprendedores de los proyectos seleccionados?\"   \/>\n            <span style=\"color:#00a7ca;\" class=\"icon icon-chevron-r\"><\/span>\n            <h3 class=\"hof-accordion__item__title\"><strong>\u00bfC\u00f3mo avisan a los y las emprendedores de los proyectos seleccionados?<\/strong><\/h3>\n            <div class=\"hof-accordion__item__content\">\n                <p>Los y las protagonistas con proyectos seleccionados ser\u00e1n informados el 13 de octubre de 2023 por medios electr\u00f3nicos a las direcciones de correo facilitadas en la inscripci\u00f3n por los miembros del equipo.<\/p>\n\n            <\/div>\n        <\/li>\n    <\/ul>                    <\/div>\n    <\/div>\n<\/section>\n","protected":false},"excerpt":{"rendered":"","protected":false},"author":1,"featured_media":0,"parent":0,"menu_order":0,"comment_status":"closed","ping_status":"closed","template":"","meta":[],"yoast_head":"<!-- This site is optimized with the Yoast SEO plugin v21.3 - https:\/\/yoast.com\/wordpress\/plugins\/seo\/ -->\n<title>Landing - La Vega Innova<\/title>\n<meta name=\"robots\" content=\"index, follow, max-snippet:-1, max-image-preview:large, max-video-preview:-1\" \/>\n<link rel=\"canonical\" href=\"https:\/\/lavegainnova.es\/en\/agro-tech\/\" \/>\n<meta property=\"og:locale\" content=\"en_US\" \/>\n<meta property=\"og:type\" content=\"article\" \/>\n<meta property=\"og:title\" content=\"Landing - La Vega Innova\" \/>\n<meta property=\"og:url\" content=\"https:\/\/lavegainnova.es\/en\/agro-tech\/\" \/>\n<meta property=\"og:site_name\" content=\"La Vega Innova\" \/>\n<meta property=\"article:publisher\" content=\"https:\/\/facebook.com\/lavegainnovahub\" \/>\n<meta property=\"article:modified_time\" content=\"2024-01-02T11:01:53+00:00\" \/>\n<meta name=\"twitter:card\" content=\"summary_large_image\" \/>\n<meta name=\"twitter:site\" content=\"@lavegainnova\" \/>\n<script type=\"application\/ld+json\" class=\"yoast-schema-graph\">{\"@context\":\"https:\/\/schema.org\",\"@graph\":[{\"@type\":\"WebPage\",\"@id\":\"https:\/\/lavegainnova.es\/en\/agro-tech\/\",\"url\":\"https:\/\/lavegainnova.es\/en\/agro-tech\/\",\"name\":\"Landing - La Vega Innova\",\"isPartOf\":{\"@id\":\"https:\/\/lavegainnova.es\/#website\"},\"datePublished\":\"2023-06-14T09:07:54+00:00\",\"dateModified\":\"2024-01-02T11:01:53+00:00\",\"inLanguage\":\"en\",\"potentialAction\":[{\"@type\":\"ReadAction\",\"target\":[\"https:\/\/lavegainnova.es\/en\/agro-tech\/\"]}]},{\"@type\":\"WebSite\",\"@id\":\"https:\/\/lavegainnova.es\/#website\",\"url\":\"https:\/\/lavegainnova.es\/\",\"name\":\"La Vega Innova\",\"description\":\"\u00bfEst\u00e1s listo para transformar el sector agroalimentario con tu startup?\",\"publisher\":{\"@id\":\"https:\/\/lavegainnova.es\/#organization\"},\"potentialAction\":[{\"@type\":\"SearchAction\",\"target\":{\"@type\":\"EntryPoint\",\"urlTemplate\":\"https:\/\/lavegainnova.es\/?s={search_term_string}\"},\"query-input\":\"required name=search_term_string\"}],\"inLanguage\":\"en\"},{\"@type\":\"Organization\",\"@id\":\"https:\/\/lavegainnova.es\/#organization\",\"name\":\"La Vega Innova\",\"url\":\"https:\/\/lavegainnova.es\/\",\"logo\":{\"@type\":\"ImageObject\",\"inLanguage\":\"en\",\"@id\":\"https:\/\/lavegainnova.es\/#\/schema\/logo\/image\/\",\"url\":\"https:\/\/lavegainnova.es\/wp-content\/uploads\/2023\/11\/destacados-logo.jpg\",\"contentUrl\":\"https:\/\/lavegainnova.es\/wp-content\/uploads\/2023\/11\/destacados-logo.jpg\",\"width\":717,\"height\":594,\"caption\":\"La Vega Innova\"},\"image\":{\"@id\":\"https:\/\/lavegainnova.es\/#\/schema\/logo\/image\/\"},\"sameAs\":[\"https:\/\/facebook.com\/lavegainnovahub\",\"https:\/\/twitter.com\/lavegainnova\",\"https:\/\/www.linkedin.com\/company\/97906276\/\",\"https:\/\/www.instagram.com\/lavegainnova\/?hl=es\"]}]}<\/script>\n<!-- \/ Yoast SEO plugin. -->","yoast_head_json":{"title":"Landing - La Vega Innova","robots":{"index":"index","follow":"follow","max-snippet":"max-snippet:-1","max-image-preview":"max-image-preview:large","max-video-preview":"max-video-preview:-1"},"canonical":"https:\/\/lavegainnova.es\/en\/agro-tech\/","og_locale":"en_US","og_type":"article","og_title":"Landing - La Vega Innova","og_url":"https:\/\/lavegainnova.es\/en\/agro-tech\/","og_site_name":"La Vega Innova","article_publisher":"https:\/\/facebook.com\/lavegainnovahub","article_modified_time":"2024-01-02T11:01:53+00:00","twitter_card":"summary_large_image","twitter_site":"@lavegainnova","schema":{"@context":"https:\/\/schema.org","@graph":[{"@type":"WebPage","@id":"https:\/\/lavegainnova.es\/en\/agro-tech\/","url":"https:\/\/lavegainnova.es\/en\/agro-tech\/","name":"Landing - La Vega Innova","isPartOf":{"@id":"https:\/\/lavegainnova.es\/#website"},"datePublished":"2023-06-14T09:07:54+00:00","dateModified":"2024-01-02T11:01:53+00:00","inLanguage":"en","potentialAction":[{"@type":"ReadAction","target":["https:\/\/lavegainnova.es\/en\/agro-tech\/"]}]},{"@type":"WebSite","@id":"https:\/\/lavegainnova.es\/#website","url":"https:\/\/lavegainnova.es\/","name":"La Vega Innova","description":"\u00bfEst\u00e1s listo para transformar el sector agroalimentario con tu startup?","publisher":{"@id":"https:\/\/lavegainnova.es\/#organization"},"potentialAction":[{"@type":"SearchAction","target":{"@type":"EntryPoint","urlTemplate":"https:\/\/lavegainnova.es\/?s={search_term_string}"},"query-input":"required name=search_term_string"}],"inLanguage":"en"},{"@type":"Organization","@id":"https:\/\/lavegainnova.es\/#organization","name":"La Vega Innova","url":"https:\/\/lavegainnova.es\/","logo":{"@type":"ImageObject","inLanguage":"en","@id":"https:\/\/lavegainnova.es\/#\/schema\/logo\/image\/","url":"https:\/\/lavegainnova.es\/wp-content\/uploads\/2023\/11\/destacados-logo.jpg","contentUrl":"https:\/\/lavegainnova.es\/wp-content\/uploads\/2023\/11\/destacados-logo.jpg","width":717,"height":594,"caption":"La Vega Innova"},"image":{"@id":"https:\/\/lavegainnova.es\/#\/schema\/logo\/image\/"},"sameAs":["https:\/\/facebook.com\/lavegainnovahub","https:\/\/twitter.com\/lavegainnova","https:\/\/www.linkedin.com\/company\/97906276\/","https:\/\/www.instagram.com\/lavegainnova\/?hl=es"]}]}},"_links":{"self":[{"href":"https:\/\/lavegainnova.es\/en\/wp-json\/wp\/v2\/pages\/1511"}],"collection":[{"href":"https:\/\/lavegainnova.es\/en\/wp-json\/wp\/v2\/pages"}],"about":[{"href":"https:\/\/lavegainnova.es\/en\/wp-json\/wp\/v2\/types\/page"}],"author":[{"embeddable":true,"href":"https:\/\/lavegainnova.es\/en\/wp-json\/wp\/v2\/users\/1"}],"replies":[{"embeddable":true,"href":"https:\/\/lavegainnova.es\/en\/wp-json\/wp\/v2\/comments?post=1511"}],"version-history":[{"count":1,"href":"https:\/\/lavegainnova.es\/en\/wp-json\/wp\/v2\/pages\/1511\/revisions"}],"predecessor-version":[{"id":1529,"href":"https:\/\/lavegainnova.es\/en\/wp-json\/wp\/v2\/pages\/1511\/revisions\/1529"}],"wp:attachment":[{"href":"https:\/\/lavegainnova.es\/en\/wp-json\/wp\/v2\/media?parent=1511"}],"curies":[{"name":"wp","href":"https:\/\/api.w.org\/{rel}","templated":true}]}}